{"id":3039,"date":"2022-07-13T17:18:18","date_gmt":"2022-07-13T16:18:18","guid":{"rendered":"https:\/\/costabravahospice.com\/noticies\/"},"modified":"2023-03-09T17:45:50","modified_gmt":"2023-03-09T17:45:50","slug":"noticies","status":"publish","type":"page","link":"https:\/\/costabravahospice.com\/ca\/noticies\/","title":{"rendered":"Noticies"},"content":{"rendered":"<div id='av_section_1'  class='avia-section av-3qdkxo-24d9df5f47153c80bf2de2a4df028229 main_color avia-section-default avia-no-border-styling  avia-builder-el-0  avia-builder-el-no-sibling  avia-bg-style-scroll container_wrap sidebar_right'  ><div class='container av-section-cont-open' ><main  role=\"main\" itemprop=\"mainContentOfPage\"  class='template-page content  av-content-small alpha units'><div class='post-entry post-entry-type-page post-entry-3039'><div class='entry-content-wrapper clearfix'>\n\n<style type=\"text\/css\" data-created_by=\"avia_inline_auto\" id=\"style-css-av-kwz9zrna-7e8def1322db483126080a5ca255c36e\">\n#top .av-special-heading.av-kwz9zrna-7e8def1322db483126080a5ca255c36e{\npadding-bottom:50px;\n}\nbody .av-special-heading.av-kwz9zrna-7e8def1322db483126080a5ca255c36e .av-special-heading-tag .heading-char{\nfont-size:25px;\n}\n.av-special-heading.av-kwz9zrna-7e8def1322db483126080a5ca255c36e .av-subheading{\nfont-size:18px;\n}\n<\/style>\n<div  class='av-special-heading av-kwz9zrna-7e8def1322db483126080a5ca255c36e av-special-heading-h2 blockquote modern-quote modern-centered  avia-builder-el-1  el_before_av_blog  avia-builder-el-first '><h2 class='av-special-heading-tag '  itemprop=\"headline\"  >NOTICIES<\/h2><div class=\"special-heading-border\"><div class=\"special-heading-inner-border\"><\/div><\/div><\/div>\n<div  data-slideshow-options=\"{&quot;animation&quot;:&quot;fade&quot;,&quot;autoplay&quot;:false,&quot;loop_autoplay&quot;:&quot;once&quot;,&quot;interval&quot;:5,&quot;loop_manual&quot;:&quot;manual-endless&quot;,&quot;autoplay_stopper&quot;:false,&quot;noNavigation&quot;:false,&quot;show_slide_delay&quot;:90}\" class='avia-content-slider avia-content-grid-active avia-content-slider1 avia-content-slider-odd  avia-builder-el-2  el_after_av_heading  avia-builder-el-last  av-slideshow-ui av-control-default   av-no-slider-navigation av-slideshow-manual av-loop-once av-loop-manual-endless '  itemscope=\"itemscope\" itemtype=\"https:\/\/schema.org\/Blog\" ><div class=\"avia-content-slider-inner\"><div class=\"slide-entry-wrap\"><article class='slide-entry flex_column  post-entry post-entry-3734 slide-entry-overview slide-loop-1 slide-parity-odd  av_one_third first real-thumbnail posttype-post post-format-standard'  itemscope=\"itemscope\" itemtype=\"https:\/\/schema.org\/CreativeWork\" ><a href='https:\/\/costabravahospice.com\/ca\/concert-a-benefici-del-costa-brava-hospice\/' data-rel='slide-1' class='slide-image' title='Conciert a benefici del Costa Brava Hospice'><img decoding=\"async\" fetchpriority=\"high\" width=\"495\" height=\"400\" src=\"https:\/\/costabravahospice.com\/wp-content\/uploads\/2024\/09\/PXL_20240915_134711196.MP-BR-495x400.jpg\" class=\"wp-image-3710 avia-img-lazy-loading-not-3710 attachment-portfolio size-portfolio wp-post-image\" alt=\"\" \/><\/a><div class=\"slide-content\"><header class=\"entry-content-header\" aria-label=\"Slide: Conciert a benefici del Costa Brava Hospice\"><h3 class='slide-entry-title entry-title '  itemprop=\"headline\" ><a href='https:\/\/costabravahospice.com\/ca\/concert-a-benefici-del-costa-brava-hospice\/' title='Conciert a benefici del Costa Brava Hospice'>Conciert a benefici del Costa Brava Hospice<\/a><\/h3><span class=\"av-vertical-delimiter\"><\/span><\/header><\/div><footer class=\"entry-footer\"><\/footer><span class='hidden'>\n\t\t\t\t<span class='av-structured-data'  itemprop=\"image\" itemscope=\"itemscope\" itemtype=\"https:\/\/schema.org\/ImageObject\" >\n\t\t\t\t\t\t<span itemprop='url'>https:\/\/costabravahospice.com\/wp-content\/uploads\/2024\/09\/PXL_20240915_134711196.MP-BR.jpg<\/span>\n\t\t\t\t\t\t<span itemprop='height'>1000<\/span>\n\t\t\t\t\t\t<span itemprop='width'>752<\/span>\n\t\t\t\t<\/span>\n\t\t\t\t<span class='av-structured-data'  itemprop=\"publisher\" itemtype=\"https:\/\/schema.org\/Organization\" itemscope=\"itemscope\" >\n\t\t\t\t\t\t<span itemprop='name'>Melissa<\/span>\n\t\t\t\t\t\t<span itemprop='logo' itemscope itemtype='https:\/\/schema.org\/ImageObject'>\n\t\t\t\t\t\t\t<span itemprop='url'>https:\/\/costabravahospice.com\/wp-content\/uploads\/2020\/10\/logo-cbh-ok.svg<\/span>\n\t\t\t\t\t\t<\/span>\n\t\t\t\t<\/span><span class='av-structured-data'  itemprop=\"author\" itemscope=\"itemscope\" itemtype=\"https:\/\/schema.org\/Person\" ><span itemprop='name'>Melissa<\/span><\/span><span class='av-structured-data'  itemprop=\"datePublished\" datetime=\"2022-07-13T17:18:18+01:00\" >2024-09-17 17:39:37<\/span><span class='av-structured-data'  itemprop=\"dateModified\" itemtype=\"https:\/\/schema.org\/dateModified\" >2024-09-17 18:50:35<\/span><span class='av-structured-data'  itemprop=\"mainEntityOfPage\" itemtype=\"https:\/\/schema.org\/mainEntityOfPage\" ><span itemprop='name'>Conciert a benefici del Costa Brava Hospice<\/span><\/span><\/span><\/article><article class='slide-entry flex_column  post-entry post-entry-3615 slide-entry-overview slide-loop-2 slide-parity-even  av_one_third  real-thumbnail posttype-post post-format-standard'  itemscope=\"itemscope\" itemtype=\"https:\/\/schema.org\/CreativeWork\" ><a href='https:\/\/costabravahospice.com\/ca\/4a-marcha-solidaria-costa-brava-hospice\/' data-rel='slide-1' class='slide-image' title='4a Marxa Solid\u00e0ria Costa Brava Hospice'><img decoding=\"async\" fetchpriority=\"high\" width=\"495\" height=\"400\" src=\"https:\/\/costabravahospice.com\/wp-content\/uploads\/2024\/04\/walk-06-495x400.jpg\" class=\"wp-image-3607 avia-img-lazy-loading-not-3607 attachment-portfolio size-portfolio wp-post-image\" alt=\"\" srcset=\"https:\/\/costabravahospice.com\/wp-content\/uploads\/2024\/04\/walk-06-495x400.jpg 495w, https:\/\/costabravahospice.com\/wp-content\/uploads\/2024\/04\/walk-06-845x684.jpg 845w\" sizes=\"(max-width: 495px) 100vw, 495px\" \/><\/a><div class=\"slide-content\"><header class=\"entry-content-header\" aria-label=\"Slide: 4a Marxa Solid\u00e0ria Costa Brava Hospice\"><h3 class='slide-entry-title entry-title '  itemprop=\"headline\" ><a href='https:\/\/costabravahospice.com\/ca\/4a-marcha-solidaria-costa-brava-hospice\/' title='4a Marxa Solid\u00e0ria Costa Brava Hospice'>4a Marxa Solid\u00e0ria Costa Brava Hospice<\/a><\/h3><span class=\"av-vertical-delimiter\"><\/span><\/header><div class=\"slide-meta\"><time class='slide-meta-time updated'  itemprop=\"datePublished\" datetime=\"2024-04-29T12:11:04+01:00\" >29 d'abril de 2024<\/time><div class=\"slide-meta-del\">\/<\/div><div class=\"slide-meta-comments\"><a href='https:\/\/costabravahospice.com\/ca\/4a-marcha-solidaria-costa-brava-hospice\/#respond'>0 Comments<\/a><\/div><\/div><div class='slide-entry-excerpt entry-content'  itemprop=\"text\" >      <\/div><\/div><footer class=\"entry-footer\"><\/footer><span class='hidden'>\n\t\t\t\t<span class='av-structured-data'  itemprop=\"image\" itemscope=\"itemscope\" itemtype=\"https:\/\/schema.org\/ImageObject\" >\n\t\t\t\t\t\t<span itemprop='url'>https:\/\/costabravahospice.com\/wp-content\/uploads\/2024\/04\/walk-06.jpg<\/span>\n\t\t\t\t\t\t<span itemprop='height'>1152<\/span>\n\t\t\t\t\t\t<span itemprop='width'>2048<\/span>\n\t\t\t\t<\/span>\n\t\t\t\t<span class='av-structured-data'  itemprop=\"publisher\" itemtype=\"https:\/\/schema.org\/Organization\" itemscope=\"itemscope\" >\n\t\t\t\t\t\t<span itemprop='name'>tonic<\/span>\n\t\t\t\t\t\t<span itemprop='logo' itemscope itemtype='https:\/\/schema.org\/ImageObject'>\n\t\t\t\t\t\t\t<span itemprop='url'>https:\/\/costabravahospice.com\/wp-content\/uploads\/2020\/10\/logo-cbh-ok.svg<\/span>\n\t\t\t\t\t\t<\/span>\n\t\t\t\t<\/span><span class='av-structured-data'  itemprop=\"author\" itemscope=\"itemscope\" itemtype=\"https:\/\/schema.org\/Person\" ><span itemprop='name'>tonic<\/span><\/span><span class='av-structured-data'  itemprop=\"datePublished\" datetime=\"2022-07-13T17:18:18+01:00\" >2024-04-29 12:11:04<\/span><span class='av-structured-data'  itemprop=\"dateModified\" itemtype=\"https:\/\/schema.org\/dateModified\" >2024-04-29 12:15:29<\/span><span class='av-structured-data'  itemprop=\"mainEntityOfPage\" itemtype=\"https:\/\/schema.org\/mainEntityOfPage\" ><span itemprop='name'>4a Marxa Solid\u00e0ria Costa Brava Hospice<\/span><\/span><\/span><\/article><article class='slide-entry flex_column  post-entry post-entry-3536 slide-entry-overview slide-loop-3 slide-parity-odd  av_one_third  real-thumbnail posttype-post post-format-standard'  itemscope=\"itemscope\" itemtype=\"https:\/\/schema.org\/CreativeWork\" ><a href='https:\/\/costabravahospice.com\/ca\/4a-marcha-solidaria\/' data-rel='slide-1' class='slide-image' title='4a Marxa Solid\u00e0ria Costa Brava Hospice'><img decoding=\"async\" fetchpriority=\"high\" width=\"495\" height=\"400\" src=\"https:\/\/costabravahospice.com\/wp-content\/uploads\/2024\/04\/marxa-solidaria_web-495x400.jpg\" class=\"wp-image-3533 avia-img-lazy-loading-not-3533 attachment-portfolio size-portfolio wp-post-image\" alt=\"\" \/><\/a><div class=\"slide-content\"><header class=\"entry-content-header\" aria-label=\"Slide: 4a Marxa Solid\u00e0ria Costa Brava Hospice\"><h3 class='slide-entry-title entry-title '  itemprop=\"headline\" ><a href='https:\/\/costabravahospice.com\/ca\/4a-marcha-solidaria\/' title='4a Marxa Solid\u00e0ria Costa Brava Hospice'>4a Marxa Solid\u00e0ria Costa Brava Hospice<\/a><\/h3><span class=\"av-vertical-delimiter\"><\/span><\/header><div class=\"slide-meta\"><time class='slide-meta-time updated'  itemprop=\"datePublished\" datetime=\"2024-04-22T16:03:02+01:00\" >22 d'abril de 2024<\/time><div class=\"slide-meta-del\">\/<\/div><div class=\"slide-meta-comments\"><a href='https:\/\/costabravahospice.com\/ca\/4a-marcha-solidaria\/#respond'>0 Comments<\/a><\/div><\/div><div class='slide-entry-excerpt entry-content'  itemprop=\"text\" >Dissabte 27 d'abril tindr\u00e0 lloc la Quarta Marxa Solid\u00e0ria \u201cCuidant\u2026<\/div><\/div><footer class=\"entry-footer\"><\/footer><span class='hidden'>\n\t\t\t\t<span class='av-structured-data'  itemprop=\"image\" itemscope=\"itemscope\" itemtype=\"https:\/\/schema.org\/ImageObject\" >\n\t\t\t\t\t\t<span itemprop='url'>https:\/\/costabravahospice.com\/wp-content\/uploads\/2024\/04\/marxa-solidaria_web.jpg<\/span>\n\t\t\t\t\t\t<span itemprop='height'>639<\/span>\n\t\t\t\t\t\t<span itemprop='width'>1080<\/span>\n\t\t\t\t<\/span>\n\t\t\t\t<span class='av-structured-data'  itemprop=\"publisher\" itemtype=\"https:\/\/schema.org\/Organization\" itemscope=\"itemscope\" >\n\t\t\t\t\t\t<span itemprop='name'>tonic<\/span>\n\t\t\t\t\t\t<span itemprop='logo' itemscope itemtype='https:\/\/schema.org\/ImageObject'>\n\t\t\t\t\t\t\t<span itemprop='url'>https:\/\/costabravahospice.com\/wp-content\/uploads\/2020\/10\/logo-cbh-ok.svg<\/span>\n\t\t\t\t\t\t<\/span>\n\t\t\t\t<\/span><span class='av-structured-data'  itemprop=\"author\" itemscope=\"itemscope\" itemtype=\"https:\/\/schema.org\/Person\" ><span itemprop='name'>tonic<\/span><\/span><span class='av-structured-data'  itemprop=\"datePublished\" datetime=\"2022-07-13T17:18:18+01:00\" >2024-04-22 16:03:02<\/span><span class='av-structured-data'  itemprop=\"dateModified\" itemtype=\"https:\/\/schema.org\/dateModified\" >2024-04-29 12:16:16<\/span><span class='av-structured-data'  itemprop=\"mainEntityOfPage\" itemtype=\"https:\/\/schema.org\/mainEntityOfPage\" ><span itemprop='name'>4a Marxa Solid\u00e0ria Costa Brava Hospice<\/span><\/span><\/span><\/article><\/div><div class=\"slide-entry-wrap\"><article class='slide-entry flex_column  post-entry post-entry-3428 slide-entry-overview slide-loop-4 slide-parity-odd  av_one_third first real-thumbnail posttype-post post-format-standard'  itemscope=\"itemscope\" itemtype=\"https:\/\/schema.org\/CreativeWork\" ><a href='https:\/\/costabravahospice.com\/ca\/3rd-solidarity-walk-costa-brava-hospice\/' data-rel='slide-1' class='slide-image' title='3\u00aa MARXA SOLID\u00c0RIA COSTA BRAVA HOSPICE'><img decoding=\"async\" fetchpriority=\"high\" width=\"495\" height=\"400\" src=\"https:\/\/costabravahospice.com\/wp-content\/uploads\/2023\/03\/xarxes-CAT-01-1-495x400.jpg\" class=\"wp-image-3450 avia-img-lazy-loading-not-3450 attachment-portfolio size-portfolio wp-post-image\" alt=\"\" srcset=\"https:\/\/costabravahospice.com\/wp-content\/uploads\/2023\/03\/xarxes-CAT-01-1-495x400.jpg 495w, https:\/\/costabravahospice.com\/wp-content\/uploads\/2023\/03\/xarxes-CAT-01-1-300x243.jpg 300w, https:\/\/costabravahospice.com\/wp-content\/uploads\/2023\/03\/xarxes-CAT-01-1-768x622.jpg 768w, https:\/\/costabravahospice.com\/wp-content\/uploads\/2023\/03\/xarxes-CAT-01-1-845x684.jpg 845w, https:\/\/costabravahospice.com\/wp-content\/uploads\/2023\/03\/xarxes-CAT-01-1-705x571.jpg 705w, https:\/\/costabravahospice.com\/wp-content\/uploads\/2023\/03\/xarxes-CAT-01-1.jpg 1000w\" sizes=\"(max-width: 495px) 100vw, 495px\" \/><\/a><div class=\"slide-content\"><header class=\"entry-content-header\" aria-label=\"Slide: 3\u00aa MARXA SOLID\u00c0RIA COSTA BRAVA HOSPICE\"><h3 class='slide-entry-title entry-title '  itemprop=\"headline\" ><a href='https:\/\/costabravahospice.com\/ca\/3rd-solidarity-walk-costa-brava-hospice\/' title='3\u00aa MARXA SOLID\u00c0RIA COSTA BRAVA HOSPICE'>3\u00aa MARXA SOLID\u00c0RIA COSTA BRAVA HOSPICE<\/a><\/h3><span class=\"av-vertical-delimiter\"><\/span><\/header><\/div><footer class=\"entry-footer\"><\/footer><span class='hidden'>\n\t\t\t\t<span class='av-structured-data'  itemprop=\"image\" itemscope=\"itemscope\" itemtype=\"https:\/\/schema.org\/ImageObject\" >\n\t\t\t\t\t\t<span itemprop='url'>https:\/\/costabravahospice.com\/wp-content\/uploads\/2023\/03\/xarxes-CAT-01-1.jpg<\/span>\n\t\t\t\t\t\t<span itemprop='height'>810<\/span>\n\t\t\t\t\t\t<span itemprop='width'>1000<\/span>\n\t\t\t\t<\/span>\n\t\t\t\t<span class='av-structured-data'  itemprop=\"publisher\" itemtype=\"https:\/\/schema.org\/Organization\" itemscope=\"itemscope\" >\n\t\t\t\t\t\t<span itemprop='name'>tonic<\/span>\n\t\t\t\t\t\t<span itemprop='logo' itemscope itemtype='https:\/\/schema.org\/ImageObject'>\n\t\t\t\t\t\t\t<span itemprop='url'>https:\/\/costabravahospice.com\/wp-content\/uploads\/2020\/10\/logo-cbh-ok.svg<\/span>\n\t\t\t\t\t\t<\/span>\n\t\t\t\t<\/span><span class='av-structured-data'  itemprop=\"author\" itemscope=\"itemscope\" itemtype=\"https:\/\/schema.org\/Person\" ><span itemprop='name'>tonic<\/span><\/span><span class='av-structured-data'  itemprop=\"datePublished\" datetime=\"2022-07-13T17:18:18+01:00\" >2023-03-09 17:41:27<\/span><span class='av-structured-data'  itemprop=\"dateModified\" itemtype=\"https:\/\/schema.org\/dateModified\" >2023-03-09 17:48:44<\/span><span class='av-structured-data'  itemprop=\"mainEntityOfPage\" itemtype=\"https:\/\/schema.org\/mainEntityOfPage\" ><span itemprop='name'>3\u00aa MARXA SOLID\u00c0RIA COSTA BRAVA HOSPICE<\/span><\/span><\/span><\/article><article class='slide-entry flex_column  post-entry post-entry-3394 slide-entry-overview slide-loop-5 slide-parity-even  av_one_third  real-thumbnail posttype-post post-format-standard'  itemscope=\"itemscope\" itemtype=\"https:\/\/schema.org\/CreativeWork\" ><a href='https:\/\/costabravahospice.com\/ca\/herramientas-para-el-acompanamiento-la-comunicacion\/' data-rel='slide-1' class='slide-image' title='Herramientas para el acompa\u00f1amiento: LA COMUNICACI\u00d3N'><img decoding=\"async\" fetchpriority=\"high\" width=\"495\" height=\"400\" src=\"https:\/\/costabravahospice.com\/wp-content\/uploads\/2023\/02\/Tew-Bunna-Susy-Cortes-495x400.jpg\" class=\"wp-image-3348 avia-img-lazy-loading-not-3348 attachment-portfolio size-portfolio wp-post-image\" alt=\"\" srcset=\"https:\/\/costabravahospice.com\/wp-content\/uploads\/2023\/02\/Tew-Bunna-Susy-Cortes-495x400.jpg 495w, https:\/\/costabravahospice.com\/wp-content\/uploads\/2023\/02\/Tew-Bunna-Susy-Cortes-845x684.jpg 845w\" sizes=\"(max-width: 495px) 100vw, 495px\" \/><\/a><div class=\"slide-content\"><header class=\"entry-content-header\" aria-label=\"Slide: Herramientas para el acompa\u00f1amiento: LA COMUNICACI\u00d3N\"><h3 class='slide-entry-title entry-title '  itemprop=\"headline\" ><a href='https:\/\/costabravahospice.com\/ca\/herramientas-para-el-acompanamiento-la-comunicacion\/' title='Herramientas para el acompa\u00f1amiento: LA COMUNICACI\u00d3N'>Herramientas para el acompa\u00f1amiento: LA COMUNICACI\u00d3N<\/a><\/h3><span class=\"av-vertical-delimiter\"><\/span><\/header><div class=\"slide-meta\"><time class='slide-meta-time updated'  itemprop=\"datePublished\" datetime=\"2023-02-08T12:40:11+00:00\" >8 de febrer de 2023<\/time><div class=\"slide-meta-del\">\/<\/div><div class=\"slide-meta-comments\"><a href='https:\/\/costabravahospice.com\/ca\/herramientas-para-el-acompanamiento-la-comunicacion\/#respond'>0 Comments<\/a><\/div><\/div><div class='slide-entry-excerpt entry-content'  itemprop=\"text\" >\r\n\r\n\r\n\r\n\r\n\r\n\r\n\r\n\r\n\r\n\r\n\r\n\r\n\r\n\r\n\r\n\r\n\r\n<\/div><\/div><footer class=\"entry-footer\"><\/footer><span class='hidden'>\n\t\t\t\t<span class='av-structured-data'  itemprop=\"image\" itemscope=\"itemscope\" itemtype=\"https:\/\/schema.org\/ImageObject\" >\n\t\t\t\t\t\t<span itemprop='url'>https:\/\/costabravahospice.com\/wp-content\/uploads\/2023\/02\/Tew-Bunna-Susy-Cortes.jpg<\/span>\n\t\t\t\t\t\t<span itemprop='height'>916<\/span>\n\t\t\t\t\t\t<span itemprop='width'>1030<\/span>\n\t\t\t\t<\/span>\n\t\t\t\t<span class='av-structured-data'  itemprop=\"publisher\" itemtype=\"https:\/\/schema.org\/Organization\" itemscope=\"itemscope\" >\n\t\t\t\t\t\t<span itemprop='name'>tonic<\/span>\n\t\t\t\t\t\t<span itemprop='logo' itemscope itemtype='https:\/\/schema.org\/ImageObject'>\n\t\t\t\t\t\t\t<span itemprop='url'>https:\/\/costabravahospice.com\/wp-content\/uploads\/2020\/10\/logo-cbh-ok.svg<\/span>\n\t\t\t\t\t\t<\/span>\n\t\t\t\t<\/span><span class='av-structured-data'  itemprop=\"author\" itemscope=\"itemscope\" itemtype=\"https:\/\/schema.org\/Person\" ><span itemprop='name'>tonic<\/span><\/span><span class='av-structured-data'  itemprop=\"datePublished\" datetime=\"2022-07-13T17:18:18+01:00\" >2023-02-08 12:40:11<\/span><span class='av-structured-data'  itemprop=\"dateModified\" itemtype=\"https:\/\/schema.org\/dateModified\" >2023-02-08 12:40:11<\/span><span class='av-structured-data'  itemprop=\"mainEntityOfPage\" itemtype=\"https:\/\/schema.org\/mainEntityOfPage\" ><span itemprop='name'>Herramientas para el acompa\u00f1amiento: LA COMUNICACI\u00d3N<\/span><\/span><\/span><\/article><article class='slide-entry flex_column  post-entry post-entry-3396 slide-entry-overview slide-loop-6 slide-parity-odd  av_one_third  real-thumbnail posttype-post post-format-standard'  itemscope=\"itemscope\" itemtype=\"https:\/\/schema.org\/CreativeWork\" ><a href='https:\/\/costabravahospice.com\/ca\/herramientas-para-el-acompanamiento-la-presencia\/' data-rel='slide-1' class='slide-image' title='Herramientas para el acompa\u00f1amiento: LA PRESENCIA'><img decoding=\"async\" fetchpriority=\"high\" width=\"495\" height=\"400\" src=\"https:\/\/costabravahospice.com\/wp-content\/uploads\/2022\/10\/Tew-Bunna-Susy-Corte\u0301s-1-495x400.png\" class=\"wp-image-3298 avia-img-lazy-loading-not-3298 attachment-portfolio size-portfolio wp-post-image\" alt=\"\" srcset=\"https:\/\/costabravahospice.com\/wp-content\/uploads\/2022\/10\/Tew-Bunna-Susy-Corte\u0301s-1-495x400.png 495w, https:\/\/costabravahospice.com\/wp-content\/uploads\/2022\/10\/Tew-Bunna-Susy-Corte\u0301s-1-845x684.png 845w\" sizes=\"(max-width: 495px) 100vw, 495px\" \/><\/a><div class=\"slide-content\"><header class=\"entry-content-header\" aria-label=\"Slide: Herramientas para el acompa\u00f1amiento: LA PRESENCIA\"><h3 class='slide-entry-title entry-title '  itemprop=\"headline\" ><a href='https:\/\/costabravahospice.com\/ca\/herramientas-para-el-acompanamiento-la-presencia\/' title='Herramientas para el acompa\u00f1amiento: LA PRESENCIA'>Herramientas para el acompa\u00f1amiento: LA PRESENCIA<\/a><\/h3><span class=\"av-vertical-delimiter\"><\/span><\/header><div class=\"slide-meta\"><time class='slide-meta-time updated'  itemprop=\"datePublished\" datetime=\"2022-10-17T16:47:19+01:00\" >17 d'octubre de 2022<\/time><div class=\"slide-meta-del\">\/<\/div><div class=\"slide-meta-comments\"><a href='https:\/\/costabravahospice.com\/ca\/herramientas-para-el-acompanamiento-la-presencia\/#respond'>0 Comments<\/a><\/div><\/div><div class='slide-entry-excerpt entry-content'  itemprop=\"text\" >\r\n\r\n\r\n\r\n<\/div><\/div><footer class=\"entry-footer\"><\/footer><span class='hidden'>\n\t\t\t\t<span class='av-structured-data'  itemprop=\"image\" itemscope=\"itemscope\" itemtype=\"https:\/\/schema.org\/ImageObject\" >\n\t\t\t\t\t\t<span itemprop='url'>https:\/\/costabravahospice.com\/wp-content\/uploads\/2022\/10\/Tew-Bunna-Susy-Corte\u0301s-1.png<\/span>\n\t\t\t\t\t\t<span itemprop='height'>960<\/span>\n\t\t\t\t\t\t<span itemprop='width'>1080<\/span>\n\t\t\t\t<\/span>\n\t\t\t\t<span class='av-structured-data'  itemprop=\"publisher\" itemtype=\"https:\/\/schema.org\/Organization\" itemscope=\"itemscope\" >\n\t\t\t\t\t\t<span itemprop='name'>tonic<\/span>\n\t\t\t\t\t\t<span itemprop='logo' itemscope itemtype='https:\/\/schema.org\/ImageObject'>\n\t\t\t\t\t\t\t<span itemprop='url'>https:\/\/costabravahospice.com\/wp-content\/uploads\/2020\/10\/logo-cbh-ok.svg<\/span>\n\t\t\t\t\t\t<\/span>\n\t\t\t\t<\/span><span class='av-structured-data'  itemprop=\"author\" itemscope=\"itemscope\" itemtype=\"https:\/\/schema.org\/Person\" ><span itemprop='name'>tonic<\/span><\/span><span class='av-structured-data'  itemprop=\"datePublished\" datetime=\"2022-07-13T17:18:18+01:00\" >2022-10-17 16:47:19<\/span><span class='av-structured-data'  itemprop=\"dateModified\" itemtype=\"https:\/\/schema.org\/dateModified\" >2022-10-17 16:47:19<\/span><span class='av-structured-data'  itemprop=\"mainEntityOfPage\" itemtype=\"https:\/\/schema.org\/mainEntityOfPage\" ><span itemprop='name'>Herramientas para el acompa\u00f1amiento: LA PRESENCIA<\/span><\/span><\/span><\/article><\/div><div class=\"slide-entry-wrap\"><article class='slide-entry flex_column  post-entry post-entry-3399 slide-entry-overview slide-loop-7 slide-parity-odd  av_one_third first real-thumbnail posttype-post post-format-standard'  itemscope=\"itemscope\" itemtype=\"https:\/\/schema.org\/CreativeWork\" ><a href='https:\/\/costabravahospice.com\/ca\/2a-marxa-solidaria\/' data-rel='slide-1' class='slide-image' title='2\u00aa MARXA SOLID\u00c0RIA COSTA BRAVA HOSPICE: \u201cCare to the end\u201d'><img decoding=\"async\" fetchpriority=\"high\" width=\"495\" height=\"400\" src=\"https:\/\/costabravahospice.com\/wp-content\/uploads\/2022\/05\/POST-CARE-495x400.jpg\" class=\"wp-image-2994 avia-img-lazy-loading-not-2994 attachment-portfolio size-portfolio wp-post-image\" alt=\"\" srcset=\"https:\/\/costabravahospice.com\/wp-content\/uploads\/2022\/05\/POST-CARE-495x400.jpg 495w, https:\/\/costabravahospice.com\/wp-content\/uploads\/2022\/05\/POST-CARE-300x243.jpg 300w, https:\/\/costabravahospice.com\/wp-content\/uploads\/2022\/05\/POST-CARE-1030x834.jpg 1030w, https:\/\/costabravahospice.com\/wp-content\/uploads\/2022\/05\/POST-CARE-768x622.jpg 768w, https:\/\/costabravahospice.com\/wp-content\/uploads\/2022\/05\/POST-CARE-1536x1244.jpg 1536w, https:\/\/costabravahospice.com\/wp-content\/uploads\/2022\/05\/POST-CARE-1500x1214.jpg 1500w, https:\/\/costabravahospice.com\/wp-content\/uploads\/2022\/05\/POST-CARE-845x684.jpg 845w, https:\/\/costabravahospice.com\/wp-content\/uploads\/2022\/05\/POST-CARE-705x571.jpg 705w, https:\/\/costabravahospice.com\/wp-content\/uploads\/2022\/05\/POST-CARE.jpg 2028w\" sizes=\"(max-width: 495px) 100vw, 495px\" \/><\/a><div class=\"slide-content\"><header class=\"entry-content-header\" aria-label=\"Slide: 2\u00aa MARXA SOLID\u00c0RIA COSTA BRAVA HOSPICE: \u201cCare to the end\u201d\"><h3 class='slide-entry-title entry-title '  itemprop=\"headline\" ><a href='https:\/\/costabravahospice.com\/ca\/2a-marxa-solidaria\/' title='2\u00aa MARXA SOLID\u00c0RIA COSTA BRAVA HOSPICE: \u201cCare to the end\u201d'>2\u00aa MARXA SOLID\u00c0RIA COSTA BRAVA HOSPICE: \u201cCare to the end\u201d<\/a><\/h3><span class=\"av-vertical-delimiter\"><\/span><\/header><\/div><footer class=\"entry-footer\"><\/footer><span class='hidden'>\n\t\t\t\t<span class='av-structured-data'  itemprop=\"image\" itemscope=\"itemscope\" itemtype=\"https:\/\/schema.org\/ImageObject\" >\n\t\t\t\t\t\t<span itemprop='url'>https:\/\/costabravahospice.com\/wp-content\/uploads\/2022\/05\/POST-CARE.jpg<\/span>\n\t\t\t\t\t\t<span itemprop='height'>1642<\/span>\n\t\t\t\t\t\t<span itemprop='width'>2028<\/span>\n\t\t\t\t<\/span>\n\t\t\t\t<span class='av-structured-data'  itemprop=\"publisher\" itemtype=\"https:\/\/schema.org\/Organization\" itemscope=\"itemscope\" >\n\t\t\t\t\t\t<span itemprop='name'>tonic<\/span>\n\t\t\t\t\t\t<span itemprop='logo' itemscope itemtype='https:\/\/schema.org\/ImageObject'>\n\t\t\t\t\t\t\t<span itemprop='url'>https:\/\/costabravahospice.com\/wp-content\/uploads\/2020\/10\/logo-cbh-ok.svg<\/span>\n\t\t\t\t\t\t<\/span>\n\t\t\t\t<\/span><span class='av-structured-data'  itemprop=\"author\" itemscope=\"itemscope\" itemtype=\"https:\/\/schema.org\/Person\" ><span itemprop='name'>tonic<\/span><\/span><span class='av-structured-data'  itemprop=\"datePublished\" datetime=\"2022-07-13T17:18:18+01:00\" >2022-05-03 10:42:53<\/span><span class='av-structured-data'  itemprop=\"dateModified\" itemtype=\"https:\/\/schema.org\/dateModified\" >2022-05-03 10:42:53<\/span><span class='av-structured-data'  itemprop=\"mainEntityOfPage\" itemtype=\"https:\/\/schema.org\/mainEntityOfPage\" ><span itemprop='name'>2\u00aa MARXA SOLID\u00c0RIA COSTA BRAVA HOSPICE: \u201cCare to the end\u201d<\/span><\/span><\/span><\/article><article class='slide-entry flex_column  post-entry post-entry-3402 slide-entry-overview slide-loop-8 slide-parity-even  av_one_third  real-thumbnail posttype-post post-format-standard'  itemscope=\"itemscope\" itemtype=\"https:\/\/schema.org\/CreativeWork\" ><a href='https:\/\/costabravahospice.com\/ca\/nueva-formacion-acompanar-el-sufrimiento-en-momentos-criticos-de-la-vida-2\/' data-rel='slide-1' class='slide-image' title='Nueva formaci\u00f3n: ACOMPA\u00d1AR EL SUFRIMIENTO EN MOMENTOS CR\u00cdTICOS DE LA VIDA'><img decoding=\"async\" fetchpriority=\"high\" width=\"495\" height=\"400\" src=\"https:\/\/costabravahospice.com\/wp-content\/uploads\/2022\/04\/sea-g3a60b12da_1920-495x400.jpg\" class=\"wp-image-2993 avia-img-lazy-loading-not-2993 attachment-portfolio size-portfolio wp-post-image\" alt=\"\" srcset=\"https:\/\/costabravahospice.com\/wp-content\/uploads\/2022\/04\/sea-g3a60b12da_1920-495x400.jpg 495w, https:\/\/costabravahospice.com\/wp-content\/uploads\/2022\/04\/sea-g3a60b12da_1920-845x684.jpg 845w\" sizes=\"(max-width: 495px) 100vw, 495px\" \/><\/a><div class=\"slide-content\"><header class=\"entry-content-header\" aria-label=\"Slide: Nueva formaci\u00f3n: ACOMPA\u00d1AR EL SUFRIMIENTO EN MOMENTOS CR\u00cdTICOS DE LA VIDA\"><h3 class='slide-entry-title entry-title '  itemprop=\"headline\" ><a href='https:\/\/costabravahospice.com\/ca\/nueva-formacion-acompanar-el-sufrimiento-en-momentos-criticos-de-la-vida-2\/' title='Nueva formaci\u00f3n: ACOMPA\u00d1AR EL SUFRIMIENTO EN MOMENTOS CR\u00cdTICOS DE LA VIDA'>Nueva formaci\u00f3n: ACOMPA\u00d1AR EL SUFRIMIENTO EN MOMENTOS CR\u00cdTICOS DE LA VIDA<\/a><\/h3><span class=\"av-vertical-delimiter\"><\/span><\/header><div class=\"slide-meta\"><time class='slide-meta-time updated'  itemprop=\"datePublished\" datetime=\"2022-04-04T11:50:14+01:00\" >4 d'abril de 2022<\/time><div class=\"slide-meta-del\">\/<\/div><div class=\"slide-meta-comments\"><a href='https:\/\/costabravahospice.com\/ca\/nueva-formacion-acompanar-el-sufrimiento-en-momentos-criticos-de-la-vida-2\/#respond'>0 Comments<\/a><\/div><\/div><div class='slide-entry-excerpt entry-content'  itemprop=\"text\" >\r\n\r\n\r\n\r\n\r\n\r\n\r\n\r\n\r\n\r\n\r\n\r\n\r\n\r\n\r\n\r\n\r\n\r\n<\/div><\/div><footer class=\"entry-footer\"><\/footer><span class='hidden'>\n\t\t\t\t<span class='av-structured-data'  itemprop=\"image\" itemscope=\"itemscope\" itemtype=\"https:\/\/schema.org\/ImageObject\" >\n\t\t\t\t\t\t<span itemprop='url'>https:\/\/costabravahospice.com\/wp-content\/uploads\/2022\/04\/sea-g3a60b12da_1920.jpg<\/span>\n\t\t\t\t\t\t<span itemprop='height'>1920<\/span>\n\t\t\t\t\t\t<span itemprop='width'>1280<\/span>\n\t\t\t\t<\/span>\n\t\t\t\t<span class='av-structured-data'  itemprop=\"publisher\" itemtype=\"https:\/\/schema.org\/Organization\" itemscope=\"itemscope\" >\n\t\t\t\t\t\t<span itemprop='name'>Melissa<\/span>\n\t\t\t\t\t\t<span itemprop='logo' itemscope itemtype='https:\/\/schema.org\/ImageObject'>\n\t\t\t\t\t\t\t<span itemprop='url'>https:\/\/costabravahospice.com\/wp-content\/uploads\/2020\/10\/logo-cbh-ok.svg<\/span>\n\t\t\t\t\t\t<\/span>\n\t\t\t\t<\/span><span class='av-structured-data'  itemprop=\"author\" itemscope=\"itemscope\" itemtype=\"https:\/\/schema.org\/Person\" ><span itemprop='name'>Melissa<\/span><\/span><span class='av-structured-data'  itemprop=\"datePublished\" datetime=\"2022-07-13T17:18:18+01:00\" >2022-04-04 11:50:14<\/span><span class='av-structured-data'  itemprop=\"dateModified\" itemtype=\"https:\/\/schema.org\/dateModified\" >2022-04-04 11:50:14<\/span><span class='av-structured-data'  itemprop=\"mainEntityOfPage\" itemtype=\"https:\/\/schema.org\/mainEntityOfPage\" ><span itemprop='name'>Nueva formaci\u00f3n: ACOMPA\u00d1AR EL SUFRIMIENTO EN MOMENTOS CR\u00cdTICOS DE LA VIDA<\/span><\/span><\/span><\/article><article class='slide-entry flex_column  post-entry post-entry-3406 slide-entry-overview slide-loop-9 slide-parity-odd  av_one_third  real-thumbnail posttype-post post-format-standard'  itemscope=\"itemscope\" itemtype=\"https:\/\/schema.org\/CreativeWork\" ><a href='https:\/\/costabravahospice.com\/ca\/que-es-un-hospice\/' data-rel='slide-1' class='slide-image' title='\u00bfQu\u00e9 es un Hospice?'><img decoding=\"async\" fetchpriority=\"high\" width=\"495\" height=\"400\" src=\"https:\/\/costabravahospice.com\/wp-content\/uploads\/2021\/12\/wide-angle-shot-single-tree-growing-clouded-sky-during-sunset-surrounded-by-grass-495x400.jpg\" class=\"wp-image-2986 avia-img-lazy-loading-not-2986 attachment-portfolio size-portfolio wp-post-image\" alt=\"\" srcset=\"https:\/\/costabravahospice.com\/wp-content\/uploads\/2021\/12\/wide-angle-shot-single-tree-growing-clouded-sky-during-sunset-surrounded-by-grass-495x400.jpg 495w, https:\/\/costabravahospice.com\/wp-content\/uploads\/2021\/12\/wide-angle-shot-single-tree-growing-clouded-sky-during-sunset-surrounded-by-grass-845x684.jpg 845w\" sizes=\"(max-width: 495px) 100vw, 495px\" \/><\/a><div class=\"slide-content\"><header class=\"entry-content-header\" aria-label=\"Slide: \u00bfQu\u00e9 es un Hospice?\"><h3 class='slide-entry-title entry-title '  itemprop=\"headline\" ><a href='https:\/\/costabravahospice.com\/ca\/que-es-un-hospice\/' title='\u00bfQu\u00e9 es un Hospice?'>\u00bfQu\u00e9 es un Hospice?<\/a><\/h3><span class=\"av-vertical-delimiter\"><\/span><\/header><div class=\"slide-meta\"><time class='slide-meta-time updated'  itemprop=\"datePublished\" datetime=\"2022-02-16T16:51:44+00:00\" >16 de febrer de 2022<\/time><div class=\"slide-meta-del\">\/<\/div><div class=\"slide-meta-comments\"><a href='https:\/\/costabravahospice.com\/ca\/que-es-un-hospice\/#respond'>0 Comments<\/a><\/div><\/div><div class='slide-entry-excerpt entry-content'  itemprop=\"text\" >\r\n\r\n\r\n\r\n\r\n\r\n\r\n\r\n<\/div><\/div><footer class=\"entry-footer\"><\/footer><span class='hidden'>\n\t\t\t\t<span class='av-structured-data'  itemprop=\"image\" itemscope=\"itemscope\" itemtype=\"https:\/\/schema.org\/ImageObject\" >\n\t\t\t\t\t\t<span itemprop='url'>https:\/\/costabravahospice.com\/wp-content\/uploads\/2021\/12\/wide-angle-shot-single-tree-growing-clouded-sky-during-sunset-surrounded-by-grass.jpg<\/span>\n\t\t\t\t\t\t<span itemprop='height'>1000<\/span>\n\t\t\t\t\t\t<span itemprop='width'>1498<\/span>\n\t\t\t\t<\/span>\n\t\t\t\t<span class='av-structured-data'  itemprop=\"publisher\" itemtype=\"https:\/\/schema.org\/Organization\" itemscope=\"itemscope\" >\n\t\t\t\t\t\t<span itemprop='name'>tonic<\/span>\n\t\t\t\t\t\t<span itemprop='logo' itemscope itemtype='https:\/\/schema.org\/ImageObject'>\n\t\t\t\t\t\t\t<span itemprop='url'>https:\/\/costabravahospice.com\/wp-content\/uploads\/2020\/10\/logo-cbh-ok.svg<\/span>\n\t\t\t\t\t\t<\/span>\n\t\t\t\t<\/span><span class='av-structured-data'  itemprop=\"author\" itemscope=\"itemscope\" itemtype=\"https:\/\/schema.org\/Person\" ><span itemprop='name'>tonic<\/span><\/span><span class='av-structured-data'  itemprop=\"datePublished\" datetime=\"2022-07-13T17:18:18+01:00\" >2022-02-16 16:51:44<\/span><span class='av-structured-data'  itemprop=\"dateModified\" itemtype=\"https:\/\/schema.org\/dateModified\" >2022-02-16 16:51:44<\/span><span class='av-structured-data'  itemprop=\"mainEntityOfPage\" itemtype=\"https:\/\/schema.org\/mainEntityOfPage\" ><span itemprop='name'>\u00bfQu\u00e9 es un Hospice?<\/span><\/span><\/span><\/article><\/div><div class=\"slide-entry-wrap\"><article class='slide-entry flex_column  post-entry post-entry-3409 slide-entry-overview slide-loop-10 slide-parity-odd  av_one_third first real-thumbnail posttype-post post-format-standard'  itemscope=\"itemscope\" itemtype=\"https:\/\/schema.org\/CreativeWork\" ><a href='https:\/\/costabravahospice.com\/ca\/nueva-formacion-acompanar-el-sufrimiento-en-momentos-criticos-de-la-vida\/' data-rel='slide-1' class='slide-image' title='NUEVA FORMACION: ACOMPA\u00d1AR EL SUFRIMIENTO EN MOMENTOS CR\u00cdTICOS DE LA VIDA'><img decoding=\"async\" fetchpriority=\"high\" width=\"495\" height=\"400\" src=\"https:\/\/costabravahospice.com\/wp-content\/uploads\/2021\/09\/pexels-ben-mack-5326909-495x400.jpg\" class=\"wp-image-2979 avia-img-lazy-loading-not-2979 attachment-portfolio size-portfolio wp-post-image\" alt=\"\" srcset=\"https:\/\/costabravahospice.com\/wp-content\/uploads\/2021\/09\/pexels-ben-mack-5326909-495x400.jpg 495w, https:\/\/costabravahospice.com\/wp-content\/uploads\/2021\/09\/pexels-ben-mack-5326909-845x684.jpg 845w\" sizes=\"(max-width: 495px) 100vw, 495px\" \/><\/a><div class=\"slide-content\"><header class=\"entry-content-header\" aria-label=\"Slide: NUEVA FORMACION: ACOMPA\u00d1AR EL SUFRIMIENTO EN MOMENTOS CR\u00cdTICOS DE LA VIDA\"><h3 class='slide-entry-title entry-title '  itemprop=\"headline\" ><a href='https:\/\/costabravahospice.com\/ca\/nueva-formacion-acompanar-el-sufrimiento-en-momentos-criticos-de-la-vida\/' title='NUEVA FORMACION: ACOMPA\u00d1AR EL SUFRIMIENTO EN MOMENTOS CR\u00cdTICOS DE LA VIDA'>NUEVA FORMACION: ACOMPA\u00d1AR EL SUFRIMIENTO EN MOMENTOS CR\u00cdTICOS DE LA VIDA<\/a><\/h3><span class=\"av-vertical-delimiter\"><\/span><\/header><div class=\"slide-meta\"><time class='slide-meta-time updated'  itemprop=\"datePublished\" datetime=\"2021-09-27T11:10:08+01:00\" >27 de setembre de 2021<\/time><div class=\"slide-meta-del\">\/<\/div><div class=\"slide-meta-comments\"><a href='https:\/\/costabravahospice.com\/ca\/nueva-formacion-acompanar-el-sufrimiento-en-momentos-criticos-de-la-vida\/#respond'>0 Comments<\/a><\/div><\/div><div class='slide-entry-excerpt entry-content'  itemprop=\"text\" >\r\n\r\n\r\n\r\n\r\n\r\n\r\n\r\n\r\n\r\n\r\n\r\n\r\n\r\n\r\n\r\n<\/div><\/div><footer class=\"entry-footer\"><\/footer><span class='hidden'>\n\t\t\t\t<span class='av-structured-data'  itemprop=\"image\" itemscope=\"itemscope\" itemtype=\"https:\/\/schema.org\/ImageObject\" >\n\t\t\t\t\t\t<span itemprop='url'>https:\/\/costabravahospice.com\/wp-content\/uploads\/2021\/09\/pexels-ben-mack-5326909-scaled.jpg<\/span>\n\t\t\t\t\t\t<span itemprop='height'>1707<\/span>\n\t\t\t\t\t\t<span itemprop='width'>2560<\/span>\n\t\t\t\t<\/span>\n\t\t\t\t<span class='av-structured-data'  itemprop=\"publisher\" itemtype=\"https:\/\/schema.org\/Organization\" itemscope=\"itemscope\" >\n\t\t\t\t\t\t<span itemprop='name'>Melissa<\/span>\n\t\t\t\t\t\t<span itemprop='logo' itemscope itemtype='https:\/\/schema.org\/ImageObject'>\n\t\t\t\t\t\t\t<span itemprop='url'>https:\/\/costabravahospice.com\/wp-content\/uploads\/2020\/10\/logo-cbh-ok.svg<\/span>\n\t\t\t\t\t\t<\/span>\n\t\t\t\t<\/span><span class='av-structured-data'  itemprop=\"author\" itemscope=\"itemscope\" itemtype=\"https:\/\/schema.org\/Person\" ><span itemprop='name'>Melissa<\/span><\/span><span class='av-structured-data'  itemprop=\"datePublished\" datetime=\"2022-07-13T17:18:18+01:00\" >2021-09-27 11:10:08<\/span><span class='av-structured-data'  itemprop=\"dateModified\" itemtype=\"https:\/\/schema.org\/dateModified\" >2021-09-27 11:10:08<\/span><span class='av-structured-data'  itemprop=\"mainEntityOfPage\" itemtype=\"https:\/\/schema.org\/mainEntityOfPage\" ><span itemprop='name'>NUEVA FORMACION: ACOMPA\u00d1AR EL SUFRIMIENTO EN MOMENTOS CR\u00cdTICOS DE LA VIDA<\/span><\/span><\/span><\/article><article class='slide-entry flex_column  post-entry post-entry-3412 slide-entry-overview slide-loop-11 slide-parity-even  av_one_third  real-thumbnail posttype-post post-format-standard'  itemscope=\"itemscope\" itemtype=\"https:\/\/schema.org\/CreativeWork\" ><a href='https:\/\/costabravahospice.com\/ca\/cierre-del-curso\/' data-rel='slide-1' class='slide-image' title='Cierre del curso'><img decoding=\"async\" fetchpriority=\"high\" width=\"495\" height=\"400\" src=\"https:\/\/costabravahospice.com\/wp-content\/uploads\/2021\/07\/IMG_20210627_141454-1-495x400.jpg\" class=\"wp-image-2975 avia-img-lazy-loading-not-2975 attachment-portfolio size-portfolio wp-post-image\" alt=\"\" srcset=\"https:\/\/costabravahospice.com\/wp-content\/uploads\/2021\/07\/IMG_20210627_141454-1-495x400.jpg 495w, https:\/\/costabravahospice.com\/wp-content\/uploads\/2021\/07\/IMG_20210627_141454-1-845x684.jpg 845w\" sizes=\"(max-width: 495px) 100vw, 495px\" \/><\/a><div class=\"slide-content\"><header class=\"entry-content-header\" aria-label=\"Slide: Cierre del curso\"><h3 class='slide-entry-title entry-title '  itemprop=\"headline\" ><a href='https:\/\/costabravahospice.com\/ca\/cierre-del-curso\/' title='Cierre del curso'>Cierre del curso<\/a><\/h3><span class=\"av-vertical-delimiter\"><\/span><\/header><div class=\"slide-meta\"><time class='slide-meta-time updated'  itemprop=\"datePublished\" datetime=\"2021-07-10T17:19:31+01:00\" >10 de juliol de 2021<\/time><div class=\"slide-meta-del\">\/<\/div><div class=\"slide-meta-comments\"><a href='https:\/\/costabravahospice.com\/ca\/cierre-del-curso\/#respond'>0 Comments<\/a><\/div><\/div><div class='slide-entry-excerpt entry-content'  itemprop=\"text\" >\r\n\r\n<\/div><\/div><footer class=\"entry-footer\"><\/footer><span class='hidden'>\n\t\t\t\t<span class='av-structured-data'  itemprop=\"image\" itemscope=\"itemscope\" itemtype=\"https:\/\/schema.org\/ImageObject\" >\n\t\t\t\t\t\t<span itemprop='url'>https:\/\/costabravahospice.com\/wp-content\/uploads\/2021\/07\/IMG_20210627_141454-1.jpg<\/span>\n\t\t\t\t\t\t<span itemprop='height'>1196<\/span>\n\t\t\t\t\t\t<span itemprop='width'>1417<\/span>\n\t\t\t\t<\/span>\n\t\t\t\t<span class='av-structured-data'  itemprop=\"publisher\" itemtype=\"https:\/\/schema.org\/Organization\" itemscope=\"itemscope\" >\n\t\t\t\t\t\t<span itemprop='name'>Mar<\/span>\n\t\t\t\t\t\t<span itemprop='logo' itemscope itemtype='https:\/\/schema.org\/ImageObject'>\n\t\t\t\t\t\t\t<span itemprop='url'>https:\/\/costabravahospice.com\/wp-content\/uploads\/2020\/10\/logo-cbh-ok.svg<\/span>\n\t\t\t\t\t\t<\/span>\n\t\t\t\t<\/span><span class='av-structured-data'  itemprop=\"author\" itemscope=\"itemscope\" itemtype=\"https:\/\/schema.org\/Person\" ><span itemprop='name'>Mar<\/span><\/span><span class='av-structured-data'  itemprop=\"datePublished\" datetime=\"2022-07-13T17:18:18+01:00\" >2021-07-10 17:19:31<\/span><span class='av-structured-data'  itemprop=\"dateModified\" itemtype=\"https:\/\/schema.org\/dateModified\" >2021-07-10 17:19:31<\/span><span class='av-structured-data'  itemprop=\"mainEntityOfPage\" itemtype=\"https:\/\/schema.org\/mainEntityOfPage\" ><span itemprop='name'>Cierre del curso<\/span><\/span><\/span><\/article><article class='slide-entry flex_column  post-entry post-entry-3414 slide-entry-overview slide-loop-12 slide-parity-odd  av_one_third  real-thumbnail posttype-post post-format-quote'  itemscope=\"itemscope\" itemtype=\"https:\/\/schema.org\/CreativeWork\" ><a href='https:\/\/costabravahospice.com\/ca\/dia-de-puertas-abiertas\/' data-rel='slide-1' class='slide-image' title='D\u00eda de puertas abiertas'><img decoding=\"async\" fetchpriority=\"high\" width=\"495\" height=\"400\" src=\"https:\/\/costabravahospice.com\/wp-content\/uploads\/2021\/06\/IMG_20210701_133239_958-495x400.jpg\" class=\"wp-image-2961 avia-img-lazy-loading-not-2961 attachment-portfolio size-portfolio wp-post-image\" alt=\"\" srcset=\"https:\/\/costabravahospice.com\/wp-content\/uploads\/2021\/06\/IMG_20210701_133239_958-495x400.jpg 495w, https:\/\/costabravahospice.com\/wp-content\/uploads\/2021\/06\/IMG_20210701_133239_958-845x684.jpg 845w\" sizes=\"(max-width: 495px) 100vw, 495px\" \/><\/a><div class=\"slide-content\"><header class=\"entry-content-header\" aria-label=\"Slide: D\u00eda de puertas abiertas\"><h3 class='slide-entry-title entry-title '  itemprop=\"headline\" ><a href='https:\/\/costabravahospice.com\/ca\/dia-de-puertas-abiertas\/' title='D\u00eda de puertas abiertas'>D\u00eda de puertas abiertas<\/a><\/h3><span class=\"av-vertical-delimiter\"><\/span><\/header><div class=\"slide-meta\"><time class='slide-meta-time updated'  itemprop=\"datePublished\" datetime=\"2021-06-25T16:32:17+01:00\" >25 de juny de 2021<\/time><div class=\"slide-meta-del\">\/<\/div><div class=\"slide-meta-comments\"><a href='https:\/\/costabravahospice.com\/ca\/dia-de-puertas-abiertas\/#respond'>0 Comments<\/a><\/div><\/div><div class='slide-entry-excerpt entry-content'  itemprop=\"text\" >\r\n\r\n<\/div><\/div><footer class=\"entry-footer\"><\/footer><span class='hidden'>\n\t\t\t\t<span class='av-structured-data'  itemprop=\"image\" itemscope=\"itemscope\" itemtype=\"https:\/\/schema.org\/ImageObject\" >\n\t\t\t\t\t\t<span itemprop='url'>https:\/\/costabravahospice.com\/wp-content\/uploads\/2021\/06\/IMG_20210701_133239_958.jpg<\/span>\n\t\t\t\t\t\t<span itemprop='height'>1350<\/span>\n\t\t\t\t\t\t<span itemprop='width'>1080<\/span>\n\t\t\t\t<\/span>\n\t\t\t\t<span class='av-structured-data'  itemprop=\"publisher\" itemtype=\"https:\/\/schema.org\/Organization\" itemscope=\"itemscope\" >\n\t\t\t\t\t\t<span itemprop='name'>Mar<\/span>\n\t\t\t\t\t\t<span itemprop='logo' itemscope itemtype='https:\/\/schema.org\/ImageObject'>\n\t\t\t\t\t\t\t<span itemprop='url'>https:\/\/costabravahospice.com\/wp-content\/uploads\/2020\/10\/logo-cbh-ok.svg<\/span>\n\t\t\t\t\t\t<\/span>\n\t\t\t\t<\/span><span class='av-structured-data'  itemprop=\"author\" itemscope=\"itemscope\" itemtype=\"https:\/\/schema.org\/Person\" ><span itemprop='name'>Mar<\/span><\/span><span class='av-structured-data'  itemprop=\"datePublished\" datetime=\"2022-07-13T17:18:18+01:00\" >2021-06-25 16:32:17<\/span><span class='av-structured-data'  itemprop=\"dateModified\" itemtype=\"https:\/\/schema.org\/dateModified\" >2021-06-25 16:32:17<\/span><span class='av-structured-data'  itemprop=\"mainEntityOfPage\" itemtype=\"https:\/\/schema.org\/mainEntityOfPage\" ><span itemprop='name'>D\u00eda de puertas abiertas<\/span><\/span><\/span><\/article><\/div><div class=\"slide-entry-wrap\"><article class='slide-entry flex_column  post-entry post-entry-3416 slide-entry-overview slide-loop-13 slide-parity-odd  post-entry-last  av_one_third first real-thumbnail posttype-post post-format-standard'  itemscope=\"itemscope\" itemtype=\"https:\/\/schema.org\/CreativeWork\" ><a href='https:\/\/costabravahospice.com\/ca\/acompanar-el-sufrimiento-enmomentos-criticos-de-la-vida-como-ayudar-sin-quemarse-un-acercamiento-espiritual\/' data-rel='slide-1' class='slide-image' title='Curso ACOMPA\u00d1AR EL SUFRIMIENTO EN MOMENTOS CR\u00cdTICOS DE LA VIDA'><img decoding=\"async\" fetchpriority=\"high\" width=\"495\" height=\"400\" src=\"https:\/\/costabravahospice.com\/wp-content\/uploads\/2021\/03\/fondo-1-495x400.jpg\" class=\"wp-image-2954 avia-img-lazy-loading-not-2954 attachment-portfolio size-portfolio wp-post-image\" alt=\"\" srcset=\"https:\/\/costabravahospice.com\/wp-content\/uploads\/2021\/03\/fondo-1-495x400.jpg 495w, https:\/\/costabravahospice.com\/wp-content\/uploads\/2021\/03\/fondo-1-845x684.jpg 845w\" sizes=\"(max-width: 495px) 100vw, 495px\" \/><\/a><div class=\"slide-content\"><header class=\"entry-content-header\" aria-label=\"Slide: Curso ACOMPA\u00d1AR EL SUFRIMIENTO EN MOMENTOS CR\u00cdTICOS DE LA VIDA\"><h3 class='slide-entry-title entry-title '  itemprop=\"headline\" ><a href='https:\/\/costabravahospice.com\/ca\/acompanar-el-sufrimiento-enmomentos-criticos-de-la-vida-como-ayudar-sin-quemarse-un-acercamiento-espiritual\/' title='Curso ACOMPA\u00d1AR EL SUFRIMIENTO EN MOMENTOS CR\u00cdTICOS DE LA VIDA'>Curso ACOMPA\u00d1AR EL SUFRIMIENTO EN MOMENTOS CR\u00cdTICOS DE LA VIDA<\/a><\/h3><span class=\"av-vertical-delimiter\"><\/span><\/header><div class=\"slide-meta\"><time class='slide-meta-time updated'  itemprop=\"datePublished\" datetime=\"2021-03-15T11:21:49+00:00\" >15 de mar\u00e7 de 2021<\/time><div class=\"slide-meta-del\">\/<\/div><div class=\"slide-meta-comments\"><a href='https:\/\/costabravahospice.com\/ca\/acompanar-el-sufrimiento-enmomentos-criticos-de-la-vida-como-ayudar-sin-quemarse-un-acercamiento-espiritual\/#respond'>0 Comments<\/a><\/div><\/div><div class='slide-entry-excerpt entry-content'  itemprop=\"text\" >\r\n\r\n\r\n\r\n\r\n\r\n\r\n\r\n\r\n\r\n\r\n\r\n\r\n\r\n<\/div><\/div><footer class=\"entry-footer\"><\/footer><span class='hidden'>\n\t\t\t\t<span class='av-structured-data'  itemprop=\"image\" itemscope=\"itemscope\" itemtype=\"https:\/\/schema.org\/ImageObject\" >\n\t\t\t\t\t\t<span itemprop='url'>https:\/\/costabravahospice.com\/wp-content\/uploads\/2021\/03\/fondo-1.jpg<\/span>\n\t\t\t\t\t\t<span itemprop='height'>861<\/span>\n\t\t\t\t\t\t<span itemprop='width'>1292<\/span>\n\t\t\t\t<\/span>\n\t\t\t\t<span class='av-structured-data'  itemprop=\"publisher\" itemtype=\"https:\/\/schema.org\/Organization\" itemscope=\"itemscope\" >\n\t\t\t\t\t\t<span itemprop='name'>tonic<\/span>\n\t\t\t\t\t\t<span itemprop='logo' itemscope itemtype='https:\/\/schema.org\/ImageObject'>\n\t\t\t\t\t\t\t<span itemprop='url'>https:\/\/costabravahospice.com\/wp-content\/uploads\/2020\/10\/logo-cbh-ok.svg<\/span>\n\t\t\t\t\t\t<\/span>\n\t\t\t\t<\/span><span class='av-structured-data'  itemprop=\"author\" itemscope=\"itemscope\" itemtype=\"https:\/\/schema.org\/Person\" ><span itemprop='name'>tonic<\/span><\/span><span class='av-structured-data'  itemprop=\"datePublished\" datetime=\"2022-07-13T17:18:18+01:00\" >2021-03-15 11:21:49<\/span><span class='av-structured-data'  itemprop=\"dateModified\" itemtype=\"https:\/\/schema.org\/dateModified\" >2021-03-15 11:21:49<\/span><span class='av-structured-data'  itemprop=\"mainEntityOfPage\" itemtype=\"https:\/\/schema.org\/mainEntityOfPage\" ><span itemprop='name'>Curso ACOMPA\u00d1AR EL SUFRIMIENTO EN MOMENTOS CR\u00cdTICOS DE LA VIDA<\/span><\/span><\/span><\/article><\/div><\/div><\/div>\n<\/div><\/div><\/main><!-- close content main element --><\/div><\/div><div id='after_section_1'  class='main_color av_default_container_wrap container_wrap sidebar_right'  ><div class='container av-section-cont-open' ><div class='template-page content  av-content-small alpha units'><div class='post-entry post-entry-type-page post-entry-3039'><div class='entry-content-wrapper clearfix'>\n","protected":false},"excerpt":{"rendered":"","protected":false},"author":1,"featured_media":0,"parent":0,"menu_order":0,"comment_status":"closed","ping_status":"closed","template":"","meta":{"give_campaign_id":0,"footnotes":""},"class_list":["post-3039","page","type-page","status-publish","hentry"],"yoast_head":"<!-- This site is optimized with the Yoast SEO plugin v27.4 - https:\/\/yoast.com\/product\/yoast-seo-wordpress\/ -->\n<title>Noticies - Costa Brava Hospice<\/title>\n<meta name=\"robots\" content=\"index, follow, max-snippet:-1, max-image-preview:large, max-video-preview:-1\" \/>\n<link rel=\"canonical\" href=\"https:\/\/costabravahospice.com\/ca\/noticies\/\" \/>\n<meta property=\"og:locale\" content=\"ca_ES\" \/>\n<meta property=\"og:type\" content=\"article\" \/>\n<meta property=\"og:title\" content=\"Noticies - Costa Brava Hospice\" \/>\n<meta property=\"og:url\" content=\"https:\/\/costabravahospice.com\/ca\/noticies\/\" \/>\n<meta property=\"og:site_name\" content=\"Costa Brava Hospice\" \/>\n<meta property=\"article:modified_time\" content=\"2023-03-09T17:45:50+00:00\" \/>\n<meta name=\"twitter:card\" content=\"summary_large_image\" \/>\n<meta name=\"twitter:label1\" content=\"Temps estimat de lectura\" \/>\n\t<meta name=\"twitter:data1\" content=\"2 minuts\" \/>\n<script type=\"application\/ld+json\" class=\"yoast-schema-graph\">{\"@context\":\"https:\\\/\\\/schema.org\",\"@graph\":[{\"@type\":\"WebPage\",\"@id\":\"https:\\\/\\\/costabravahospice.com\\\/ca\\\/noticies\\\/\",\"url\":\"https:\\\/\\\/costabravahospice.com\\\/ca\\\/noticies\\\/\",\"name\":\"Noticies - Costa Brava Hospice\",\"isPartOf\":{\"@id\":\"https:\\\/\\\/costabravahospice.com\\\/#website\"},\"datePublished\":\"2022-07-13T16:18:18+00:00\",\"dateModified\":\"2023-03-09T17:45:50+00:00\",\"breadcrumb\":{\"@id\":\"https:\\\/\\\/costabravahospice.com\\\/ca\\\/noticies\\\/#breadcrumb\"},\"inLanguage\":\"ca\",\"potentialAction\":[{\"@type\":\"ReadAction\",\"target\":[\"https:\\\/\\\/costabravahospice.com\\\/ca\\\/noticies\\\/\"]}]},{\"@type\":\"BreadcrumbList\",\"@id\":\"https:\\\/\\\/costabravahospice.com\\\/ca\\\/noticies\\\/#breadcrumb\",\"itemListElement\":[{\"@type\":\"ListItem\",\"position\":1,\"name\":\"Portada\",\"item\":\"https:\\\/\\\/costabravahospice.com\\\/ca\\\/costa-brava-hospice\\\/\"},{\"@type\":\"ListItem\",\"position\":2,\"name\":\"Noticies\"}]},{\"@type\":\"WebSite\",\"@id\":\"https:\\\/\\\/costabravahospice.com\\\/#website\",\"url\":\"https:\\\/\\\/costabravahospice.com\\\/\",\"name\":\"Costa Brava Hospice\",\"description\":\"Offering help and support to those with life limiting illnesses and their families\",\"potentialAction\":[{\"@type\":\"SearchAction\",\"target\":{\"@type\":\"EntryPoint\",\"urlTemplate\":\"https:\\\/\\\/costabravahospice.com\\\/?s={search_term_string}\"},\"query-input\":{\"@type\":\"PropertyValueSpecification\",\"valueRequired\":true,\"valueName\":\"search_term_string\"}}],\"inLanguage\":\"ca\"}]}<\/script>\n<!-- \/ Yoast SEO plugin. -->","yoast_head_json":{"title":"Noticies - Costa Brava Hospice","robots":{"index":"index","follow":"follow","max-snippet":"max-snippet:-1","max-image-preview":"max-image-preview:large","max-video-preview":"max-video-preview:-1"},"canonical":"https:\/\/costabravahospice.com\/ca\/noticies\/","og_locale":"ca_ES","og_type":"article","og_title":"Noticies - Costa Brava Hospice","og_url":"https:\/\/costabravahospice.com\/ca\/noticies\/","og_site_name":"Costa Brava Hospice","article_modified_time":"2023-03-09T17:45:50+00:00","twitter_card":"summary_large_image","twitter_misc":{"Temps estimat de lectura":"2 minuts"},"schema":{"@context":"https:\/\/schema.org","@graph":[{"@type":"WebPage","@id":"https:\/\/costabravahospice.com\/ca\/noticies\/","url":"https:\/\/costabravahospice.com\/ca\/noticies\/","name":"Noticies - Costa Brava Hospice","isPartOf":{"@id":"https:\/\/costabravahospice.com\/#website"},"datePublished":"2022-07-13T16:18:18+00:00","dateModified":"2023-03-09T17:45:50+00:00","breadcrumb":{"@id":"https:\/\/costabravahospice.com\/ca\/noticies\/#breadcrumb"},"inLanguage":"ca","potentialAction":[{"@type":"ReadAction","target":["https:\/\/costabravahospice.com\/ca\/noticies\/"]}]},{"@type":"BreadcrumbList","@id":"https:\/\/costabravahospice.com\/ca\/noticies\/#breadcrumb","itemListElement":[{"@type":"ListItem","position":1,"name":"Portada","item":"https:\/\/costabravahospice.com\/ca\/costa-brava-hospice\/"},{"@type":"ListItem","position":2,"name":"Noticies"}]},{"@type":"WebSite","@id":"https:\/\/costabravahospice.com\/#website","url":"https:\/\/costabravahospice.com\/","name":"Costa Brava Hospice","description":"Offering help and support to those with life limiting illnesses and their families","potentialAction":[{"@type":"SearchAction","target":{"@type":"EntryPoint","urlTemplate":"https:\/\/costabravahospice.com\/?s={search_term_string}"},"query-input":{"@type":"PropertyValueSpecification","valueRequired":true,"valueName":"search_term_string"}}],"inLanguage":"ca"}]}},"campaignId":"","_links":{"self":[{"href":"https:\/\/costabravahospice.com\/ca\/wp-json\/wp\/v2\/pages\/3039","targetHints":{"allow":["GET"]}}],"collection":[{"href":"https:\/\/costabravahospice.com\/ca\/wp-json\/wp\/v2\/pages"}],"about":[{"href":"https:\/\/costabravahospice.com\/ca\/wp-json\/wp\/v2\/types\/page"}],"author":[{"embeddable":true,"href":"https:\/\/costabravahospice.com\/ca\/wp-json\/wp\/v2\/users\/1"}],"replies":[{"embeddable":true,"href":"https:\/\/costabravahospice.com\/ca\/wp-json\/wp\/v2\/comments?post=3039"}],"version-history":[{"count":5,"href":"https:\/\/costabravahospice.com\/ca\/wp-json\/wp\/v2\/pages\/3039\/revisions"}],"predecessor-version":[{"id":3442,"href":"https:\/\/costabravahospice.com\/ca\/wp-json\/wp\/v2\/pages\/3039\/revisions\/3442"}],"wp:attachment":[{"href":"https:\/\/costabravahospice.com\/ca\/wp-json\/wp\/v2\/media?parent=3039"}],"curies":[{"name":"wp","href":"https:\/\/api.w.org\/{rel}","templated":true}]}}